{"id":43819,"date":"2025-03-13T08:50:23","date_gmt":"2025-03-13T08:50:23","guid":{"rendered":"https:\/\/www.showdowndisplays.eu\/faq-frequently-asked-questions-about-flexframe\/"},"modified":"2025-12-16T11:20:51","modified_gmt":"2025-12-16T11:20:51","slug":"faq-flexframe","status":"publish","type":"page","link":"https:\/\/www.showdowndisplays.eu\/fr\/faq-flexframe\/","title":{"rendered":"FAQ &#8211; Questions fr\u00e9quentes sur le FlexFrame"},"content":{"rendered":"\n<p class=\"has-text-align-center\"><\/p>\n\n\n\n<div class=\"wp-block-group block-white-background\"><div class=\"wp-block-group__inner-container is-layout-constrained wp-block-group-is-layout-constrained\">\n<details class=\"wp-block-details is-layout-flow wp-block-details-is-layout-flow\"><summary>\u2bc8 <strong>G\u00e9n\u00e9rale<\/strong><\/summary>\n<ul class=\"wp-block-list\">\n<li><strong>Qu\u2019est-ce que le FlexFrame ?<\/strong><br>Le FlexFrame est un syst\u00e8me modulaire polyvalent, sans outils, offrant une flexibilit\u00e9 maximale. Que vous pr\u00e9pariez un \u00e9v\u00e9nement important ou un pop-up de derni\u00e8re minute, le FlexFrame s\u2019adapte \u00e0 vos besoins. Combinez plusieurs cadres pour cr\u00e9er des murs d\u2019image ou des stands attractifs. Gr\u00e2ce \u00e0 son syst\u00e8me de connexion simple, vous pouvez configurer et ajuster votre installation \u00e0 tout moment et en tout lieu.<br><\/li>\n\n\n\n<li><strong>Pour quels usages mes clients peuvent-ils utiliser le FlexFrame ?<\/strong><br>Stand d\u2019exposition marquant, pop-up store \u00e9l\u00e9gant ou PLV percutante dans un espace public \u2013 le FlexFrame permet \u00e0 vos clients de cr\u00e9er une pr\u00e9sentation professionnelle qui attire tous les regards ! Les possibilit\u00e9s sont infinies avec la gamme FlexFrame !<br><\/li>\n\n\n\n<li><strong>Avez-vous des exemples d\u2019installations avec le FlexFrame ?<\/strong><br>Oui, les possibilit\u00e9s sont infinies ! Nous avons d\u00e9j\u00e0 imagin\u00e9 6 configurations pour vous inspirer. Retrouvez-les <a href=\"https:\/\/www.showdowndisplays.eu\/fr\/flexframe\/\" data-type=\"link\" data-id=\"https:\/\/www.showdowndisplays.eu\/fr\/flexframe\/\" target=\"_blank\" rel=\"noreferrer noopener\">ici<\/a> :Vous souhaitez une version plus petite, plus grande, ou compl\u00e8tement diff\u00e9rente ? C\u2019est tout \u00e0 fait possible. Votre contact commercial est l\u00e0 pour vous accompagner.<br><\/li>\n\n\n\n<li><strong>Puis-je personnaliser la taille et la forme de mon installation FlexFrame ?<\/strong><br>Oui ! Le FlexFrame est un syst\u00e8me modulaire : choisissez la hauteur, la largeur et le nombre de cadres pour cr\u00e9er votre configuration id\u00e9ale. Vous souhaitez ajouter de la hauteur, de la largeur, un espace de rangement, un toit ou une banni\u00e8re sup\u00e9rieure ? S\u00e9lectionnez simplement les \u00e9l\u00e9ments n\u00e9cessaires et connectez-les \u00e0 l\u2019aide des pi\u00e8ces fournies.<br><\/li>\n\n\n\n<li><strong>Je veux cr\u00e9er une nouvelle configuration avec mon FlexFrame existant. Comment faire ?<\/strong><br>Cr\u00e9ez la configuration de votre choix. Si vous savez d\u00e9j\u00e0 ce que vous souhaitez, v\u00e9rifiez que vous avez tous les \u00e9l\u00e9ments n\u00e9cessaires. Sinon, ajoutez-les \u00e0 votre panier et commandez-les facilement en ligne. N\u2019oubliez pas d\u2019ajouter les nouveaux visuels si n\u00e9cessaire. Besoin d\u2019aide ? Notre \u00e9quipe commerciale est \u00e0 votre disposition !<\/li>\n<\/ul>\n<\/details>\n<\/div><\/div>\n\n\n\n<div style=\"height:21px\" aria-hidden=\"true\" class=\"wp-block-spacer\"><\/div>\n\n\n\n<div class=\"wp-block-group block-white-background\"><div class=\"wp-block-group__inner-container is-layout-constrained wp-block-group-is-layout-constrained\">\n<details class=\"wp-block-details is-layout-flow wp-block-details-is-layout-flow\"><summary>\u2bc8 <strong>Montage et configuration<\/strong><\/summary>\n<ul class=\"wp-block-list\">\n<li><strong>Le FlexFrame est-il facile \u00e0 monter et d\u00e9monter ?<\/strong><br>Oui, tr\u00e8s facile ! Le FlexFrame est con\u00e7u comme un syst\u00e8me sans outils : aucun besoin de vis ou de perceuse. Il suffit d\u2019embo\u00eeter les pi\u00e8ces \u00e0 l\u2019aide des connecteurs fournis. Le d\u00e9montage est tout aussi rapide \u2013 id\u00e9al pour les \u00e9v\u00e9nements, les pop-ups ou une r\u00e9utilisation sur diff\u00e9rents sites.<br><\/li>\n\n\n\n<li><strong>Une seule personne peut-elle assembler un FlexFrame ?<\/strong><br>Oui. Une seule personne peut assembler la plupart des configurations FlexFrame de mani\u00e8re autonome. Pour les installations plus grandes ou les \u00e9l\u00e9ments en hauteur comme un toit, une deuxi\u00e8me personne peut s\u2019av\u00e9rer utile, pour plus de s\u00e9curit\u00e9 et de facilit\u00e9.<br><\/li>\n\n\n\n<li><strong>Puis-je connecter plusieurs cadres entre eux ?<\/strong><br>Oui, le FlexFrame est un syst\u00e8me modulaire qui vous permet de cr\u00e9er la configuration que vous souhaitez. Les cadres se connectent facilement gr\u00e2ce aux connecteurs inclus, pour composer le design qui vous convient.<br><\/li>\n\n\n\n<li><strong>Comment connecter deux cadres ?<\/strong><br>Utilisez les pi\u00e8ces de connexion fournies : en haut et en bas du cadre, ainsi qu\u2019un clip en plastique au centre pour plus de stabilit\u00e9. Vous pouvez ensuite retirer le pied si vous le souhaitez. Pour les configurations de plus de 3 m\u00e8tres de large, nous recommandons d\u2019ajouter un pied suppl\u00e9mentaire pour assurer la stabilit\u00e9.<\/li>\n\n\n\n<li>Vous pouvez consulter <a href=\"https:\/\/www.showdowndisplays.eu\/fr\/flexframe\/\" data-type=\"link\" data-id=\"https:\/\/www.showdowndisplays.eu\/fr\/flexframe\/\" target=\"_blank\" rel=\"noreferrer noopener\">cet aper\u00e7<\/a> et <a href=\"https:\/\/player.vimeo.com\/video\/1072080290?h=e36067dbf2\" data-type=\"link\" data-id=\"https:\/\/player.vimeo.com\/video\/1072080290?h=e36067dbf2\" target=\"_blank\" rel=\"noreferrer noopener\">cette vid\u00e9o explicative<\/a> pour une d\u00e9monstration claire.<br><\/li>\n\n\n\n<li><strong>Dois-je acheter des connecteurs suppl\u00e9mentaires pour cr\u00e9er ma configuration ?<\/strong><br>Lorsque vous commandez les cadres, tous les connecteurs n\u00e9cessaires sont inclus. Cependant, si vous souhaitez modifier votre configuration, ajouter de nouveaux cadres plus tard ou garder toutes les options ouvertes, vous pouvez facilement ajouter un Set de Connecteurs \u00e0 votre commande. Vous serez ainsi toujours pr\u00eat <br><\/li>\n\n\n\n<li><strong>Quels types de configurations puis-je cr\u00e9er avec le FlexFrame ?<\/strong><br>Nous avons con\u00e7u 6 configurations types pour vous inspirer. \u00c0 partir de ces id\u00e9es, vous pouvez les adapter ou modifier la taille selon vos besoins. D\u00e9couvrez les configurations <a href=\"https:\/\/www.showdowndisplays.eu\/fr\/flexframe\/\" data-type=\"link\" data-id=\"https:\/\/www.showdowndisplays.eu\/fr\/flexframe\/\" target=\"_blank\" rel=\"noreferrer noopener\">ici<\/a>.<br><\/li>\n\n\n\n<li><strong>Puis-je s\u00e9lectionner une configuration et l\u2019ajouter directement \u00e0 mon panier pour commander en ligne ?<\/strong><br>Non. Lors de la s\u00e9lection d\u2019une configuration pr\u00e9con\u00e7ue, vous pouvez ajouter les \u00e9l\u00e9ments n\u00e9cessaires un par un dans votre panier. Dans notre aper\u00e7u, vous trouverez les r\u00e9f\u00e9rences (SKUs) et les quantit\u00e9s requises pour reproduire exactement la m\u00eame configuration. La raison de ce fonctionnement ? Le FlexFrame reste un syst\u00e8me modulaire : nous voulons vous laisser la libert\u00e9 de choix ! Nous avons cependant simplifi\u00e9 au maximum le processus en r\u00e9unissant tous les \u00e9l\u00e9ments sur une seule page. Il vous suffit d\u2019ajouter la bonne quantit\u00e9, les visuels\u2026 et vous \u00eates pr\u00eat !<br><\/li>\n\n\n\n<li><strong>Comment savoir quelles pi\u00e8ces commander ?<\/strong><br>Nos 6 configurations pr\u00e9con\u00e7ues vous indiquent les types et quantit\u00e9s de cadres n\u00e9cessaires. Vous pouvez ainsi v\u00e9rifier ce que vous avez d\u00e9j\u00e0, et ce qu\u2019il vous manque. En cas de doute, notre \u00e9quipe commerciale est l\u00e0 pour vous aider !<br><\/li>\n\n\n\n<li><strong>Dois-je acheter la bo\u00eete de connecteurs ?<\/strong><br>Ce n\u2019est pas obligatoire, mais fortement recommand\u00e9. Elle vous garantit d\u2019avoir tous les \u00e9l\u00e9ments n\u00e9cessaires pour varier vos configurations et \u00e9viter les impr\u00e9vus. En cas d\u2019utilisation fr\u00e9quente, certains connecteurs peuvent se perdre ou s\u2019ab\u00eemer \u2013 dans ce cas, la bo\u00eete compl\u00e8te est tr\u00e8s utile.<br><\/li>\n\n\n\n<li><strong>Puis-je commander des pi\u00e8ces suppl\u00e9mentaires plus tard si je souhaite agrandir ma configuration ?<\/strong><br>Bien s\u00fbr ! Vous pouvez ajouter des \u00e9l\u00e9ments \u00e0 tout moment. Que vous souhaitiez agrandir un mur, ajouter un toit ou un espace de rangement, tous les composants sont modulaires et con\u00e7us pour s\u2019assembler facilement. L\u2019extension est donc rapide et simple.<\/li>\n<\/ul>\n<\/details>\n<\/div><\/div>\n\n\n\n<div style=\"height:21px\" aria-hidden=\"true\" class=\"wp-block-spacer\"><\/div>\n\n\n\n<div class=\"wp-block-group block-white-background\"><div class=\"wp-block-group__inner-container is-layout-constrained wp-block-group-is-layout-constrained\">\n<details class=\"wp-block-details is-layout-flow wp-block-details-is-layout-flow\"><summary>\u2bc8 <strong>Mat\u00e9riaux<\/strong><\/summary>\n<ul class=\"wp-block-list\">\n<li><strong>Quel est le mat\u00e9riau des cadres ?<\/strong><br>Le FlexFrame est fabriqu\u00e9 en aluminium.<br><\/li>\n\n\n\n<li><strong>Quel est le mat\u00e9riau des pieds ?<\/strong><br>Les pieds du FlexFrame sont en acier de 8 mm d\u2019\u00e9paisseur pour une stabilit\u00e9 optimale.<br><\/li>\n\n\n\n<li><strong>Quel est le mat\u00e9riau des connecteurs ?<\/strong><br>Les connecteurs du FlexFrame sont en nylon de couleur grise ou noire.<br><\/li>\n\n\n\n<li><strong>Puis-je verrouiller l\u2019espace de rangement pour s\u00e9curiser les objets dans les lieux publics ?<\/strong><br>Oui, un verrou \u00e0 code \u2013 que vous d\u00e9finissez vous-m\u00eame \u2013 permet de s\u00e9curiser l\u2019espace. Attention toutefois : bien que le verrou apporte de la s\u00e9curit\u00e9, les parois en tissu ne sont pas con\u00e7ues pour r\u00e9sister \u00e0 une forte pression.<br><\/li>\n\n\n\n<li><strong>Comment changer le code du verrou de l\u2019espace de rangement ?<\/strong><br>Un petit trou situ\u00e9 sur le c\u00f4t\u00e9 du verrou permet de modifier le code. Pour le r\u00e9initialiser, ins\u00e9rez une \u00e9pingle dans ce trou et maintenez-la enfonc\u00e9e pendant que vous s\u00e9lectionnez votre nouveau code en position d\u00e9verrouill\u00e9e. N\u2019oubliez pas de m\u00e9langer les chiffres apr\u00e8s avoir d\u00e9fini le nouveau code. Le code par d\u00e9faut est 000.<br><\/li>\n\n\n\n<li><strong>Puis-je ajuster la hauteur du verrou sur le cadre ?<\/strong><br>Non, le verrou est fix\u00e9 sur le cadre. Si vous utilisez un Set d\u2019Extension, gardez \u00e0 l\u2019esprit que la position du verrou sera \u00e9galement rehauss\u00e9e.<br><\/li>\n\n\n\n<li><strong>Proposez-vous des pi\u00e8ces d\u00e9tach\u00e9es pour le FlexFrame ?<\/strong><br>Oui, si vous avez besoin de pi\u00e8ces d\u00e9tach\u00e9es, contactez votre interlocuteur commercial pour v\u00e9rifier leur disponibilit\u00e9 et b\u00e9n\u00e9ficier de son accompagnement.<\/li>\n<\/ul>\n<\/details>\n<\/div><\/div>\n\n\n\n<div style=\"height:21px\" aria-hidden=\"true\" class=\"wp-block-spacer\"><\/div>\n\n\n\n<div class=\"wp-block-group block-white-background\"><div class=\"wp-block-group__inner-container is-layout-constrained wp-block-group-is-layout-constrained\">\n<details class=\"wp-block-details is-layout-flow wp-block-details-is-layout-flow\"><summary>\u2bc8 <strong>Dimensions &amp; options<\/strong><\/summary>\n<ul class=\"wp-block-list\">\n<li><strong>Comment monter la Top Banner, le toit ou le module de rangement FlexFrame ?<\/strong><br>Avec les connecteurs inclus, vous ajoutez facilement l\u2019\u00e9l\u00e9ment au cadre. Astuce : ins\u00e9rez le visuel dans la Top Banner ou le toit avant de les fixer sur le cadre. Une fois en hauteur, cela devient plus compliqu\u00e9. <br><\/li>\n\n\n\n<li><strong>Puis-je personnaliser la hauteur du cadre ?<\/strong><br>Oui. La hauteur minimale du cadre est de 200 cm et la hauteur maximale de 250 cm. Vous pouvez l\u2019\u00e9tendre de 30 ou 50 cm en ajoutant un Set d\u2019Extension \u00e0 votre commande. Cela vaut pour le mur comme pour le toit.<br><\/li>\n\n\n\n<li><strong>Quelle est la hauteur maximale des murs ?<\/strong><br>La hauteur maximale recommand\u00e9e est de 250 cm.<br><\/li>\n\n\n\n<li><strong>Quelle largeur maximale puis-je construire pour le mur ?<\/strong><br>Autant que vous le souhaitez ! Cependant, pour garantir la stabilit\u00e9, nous recommandons une largeur maximale de 5 m\u00e8tres pour les visuels. Vous pouvez choisir des cadres de 100, 120 ou 150 cm de large. Par exemple, pour un mur arri\u00e8re de 3 m\u00e8tres, utilisez 2 cadres de 150 cm. Pour un mur de 4 m\u00e8tres, utilisez 2 x 150 cm + 1 x 100 cm.<br><\/li>\n\n\n\n<li><strong>Quelle est la hauteur maximale de l\u2019espace de rangement ?<\/strong><br>Le rangement peut atteindre 250 cm de haut (comme le mur et le toit) en ajoutant un Set d\u2019Extension. Le rangement est uniquement disponible en 1 x 1 m\u00e8tre.<br><\/li>\n\n\n\n<li><strong>Puis-je agrandir l\u2019espace de rangement ?<\/strong><br>Non, il est toujours de 1 x 1 m\u00e8tre. Il doit obligatoirement \u00eatre connect\u00e9 \u00e0 un mur.<br><\/li>\n\n\n\n<li><strong>Puis-je positionner le module de rangement sur tous les c\u00f4t\u00e9s ?<\/strong><br>Tant qu\u2019il est connect\u00e9 au mur pour assurer sa stabilit\u00e9, vous pouvez l\u2019ajouter \u00e0 l\u2019endroit souhait\u00e9 dans votre configuration.<br><\/li>\n\n\n\n<li><strong>Puis-je utiliser la porte du rangement comme une entr\u00e9e ?<\/strong><br>Non, la porte ne peut \u00eatre utilis\u00e9e que comme acc\u00e8s au rangement. Pour des raisons de stabilit\u00e9, elle doit \u00eatre fix\u00e9e \u00e0 un mur et ne peut pas servir de porte d\u2019entr\u00e9e.<br><\/li>\n\n\n\n<li><strong>Quelle est la taille maximale de la Top Banner ?<\/strong><br>Nous proposons la Top Banner en une seule taille : 3 m\u00e8tres de large sur 30 cm de haut. Elle se monte de mani\u00e8re sym\u00e9trique entre deux murs.<br><\/li>\n\n\n\n<li><strong>Combien de pieds faut-il par m\u00e8tre ?<\/strong><br>Nous recommandons un pied tous les 3 m\u00e8tres pour assurer la stabilit\u00e9.<br><\/li>\n\n\n\n<li><strong>Dois-je utiliser tous les pieds ?<\/strong><br>Non, pour un design plus \u00e9pur\u00e9, certains pieds peuvent \u00eatre laiss\u00e9s de c\u00f4t\u00e9. Un pied tous les 3 m\u00e8tres reste recommand\u00e9.<br><\/li>\n\n\n\n<li><strong>Puis-je utiliser diff\u00e9rents types de pieds ?<\/strong><br>Oui, tous les types de pieds FlexFrame sont compatibles avec le syst\u00e8me. Choisissez selon vos besoins :<br>\u2013 <a href=\"https:\/\/shop.showdowndisplays.eu\/flexframe-half-foot-single-frame-silver\" data-type=\"link\" data-id=\"https:\/\/shop.showdowndisplays.eu\/flexframe-half-foot-single-frame-silver\" target=\"_blank\" rel=\"noreferrer noopener\">Demi Pied Simple Cadre<\/a><br>\u2013 <a href=\"https:\/\/shop.showdowndisplays.eu\/flexframe-full-foot-single-frame-silver\" data-type=\"link\" data-id=\"https:\/\/shop.showdowndisplays.eu\/flexframe-full-foot-single-frame-silver\" target=\"_blank\" rel=\"noreferrer noopener\">Pied Plein Simple Cadre<\/a><br>\u2013 <a href=\"https:\/\/shop.showdowndisplays.eu\/flexframe-half-foot-double-frame-silver\" data-type=\"link\" data-id=\"https:\/\/shop.showdowndisplays.eu\/flexframe-half-foot-double-frame-silver\" target=\"_blank\" rel=\"noreferrer noopener\">Demi Pied Double Cadre<\/a><br>\u2013 <a href=\"https:\/\/shop.showdowndisplays.eu\/flexframe-full-foot-double-frame-silver\" data-type=\"link\" data-id=\"https:\/\/shop.showdowndisplays.eu\/flexframe-full-foot-double-frame-silver\" target=\"_blank\" rel=\"noreferrer noopener\">Pied Plein Double Cadre<\/a><br><\/li>\n\n\n\n<li><strong>Quand utiliser quel type de pied ?<\/strong><br>Cela d\u00e9pend de si vous souhaitez connecter plusieurs cadres entre eux. Pour relier plusieurs cadres ensemble, vous aurez besoin du : <a href=\"https:\/\/shop.showdowndisplays.eu\/flexframe-half-foot-single-frame-silver\" data-type=\"link\" data-id=\"https:\/\/shop.showdowndisplays.eu\/flexframe-half-foot-single-frame-silver\" target=\"_blank\" rel=\"noreferrer noopener\">Demi Pied Double Cadre<\/a> ou du <a href=\"https:\/\/shop.showdowndisplays.eu\/flexframe-full-foot-double-frame-silver\" data-type=\"link\" data-id=\"https:\/\/shop.showdowndisplays.eu\/flexframe-full-foot-double-frame-silver\" target=\"_blank\" rel=\"noreferrer noopener\">Pied Plein Double Cadre<\/a>. Le pied con\u00e7u pour une utilisation double face garantit un design plus \u00e9pur\u00e9.<br><\/li>\n\n\n\n<li><strong>Quand utiliser un pied simple ou double face ?<\/strong><br>Le pied double face permet de connecter et stabiliser deux cadres en m\u00eame temps, de chaque c\u00f4t\u00e9. Vous pouvez aussi utiliser deux pieds simples c\u00f4te \u00e0 c\u00f4te, en supprimer certains pour un look plus \u00e9pur\u00e9, ou les m\u00e9langer selon votre configuration. Pour la stabilit\u00e9, un pied tous les 3 m\u00e8tres est id\u00e9al.<br><\/li>\n\n\n\n<li><strong>Puis-je utiliser le FlexFrame en simple ou double face ?<\/strong><br>Les deux sont possibles ! Si vous l\u2019utilisez en simple face, nous vous conseillons d\u2019ajouter un visuel neutre au dos pour \u00e9viter que le cadre soit visible par transparence.<br><\/li>\n\n\n\n<li><strong>En quelles couleurs le FlexFrame est-il disponible ?<\/strong><br>Les cadres sont disponibles en noir et en gris silver<br><\/li>\n\n\n\n<li><strong>L\u2019\u00e9clairage est-il inclus dans les cadres ?<\/strong><br>Le syst\u00e8me n\u2019est pas r\u00e9tro\u00e9clair\u00e9, mais vous pouvez facilement ajouter des Wall LEDs pour mettre en lumi\u00e8re votre installation.<br><\/li>\n\n\n\n<li><strong>Combien de Wall LEDs sont n\u00e9cessaires pour illuminer mon stand ?<\/strong><br>Nous recommandons une LED par cadre ou de positionner les LEDs pour \u00e9clairer les zones cl\u00e9s. Deux mod\u00e8les sont disponibles : <br><br>\u2013 <a href=\"https:\/\/shop.showdowndisplays.eu\/wall-led-116\" data-type=\"link\" data-id=\"https:\/\/shop.showdowndisplays.eu\/wall-led-116\" target=\"_blank\" rel=\"noreferrer noopener\">Wall LED 116<\/a> (116 LED)<br>\u2013 <a href=\"https:\/\/shop.showdowndisplays.eu\/wall-led-50\" data-type=\"link\" data-id=\"https:\/\/shop.showdowndisplays.eu\/wall-led-50\" target=\"_blank\" rel=\"noreferrer noopener\">Wall LED 50<\/a> (50 LED)<br><br>La diff\u00e9rence r\u00e9side dans l\u2019intensit\u00e9 lumineuse.<br><\/li>\n\n\n\n<li><strong>Puis-je connecter les Wall LEDs entre elles ou sont-elles ind\u00e9pendantes ?<\/strong><br>Gr\u00e2ce au<a href=\"https:\/\/shop.showdowndisplays.eu\/wall-led-y-cable\" data-type=\"link\" data-id=\"https:\/\/shop.showdowndisplays.eu\/wall-led-y-cable\" target=\"_blank\" rel=\"noreferrer noopener\"> Y-Cable<\/a>, vous pouvez connecter jusqu\u2019\u00e0 10 Wall LEDs ensemble. Si vous utilisez plus de 10 LEDs, il vous faudra un autre <a href=\"https:\/\/shop.showdowndisplays.eu\/wall-led-y-cable\" data-type=\"link\" data-id=\"https:\/\/shop.showdowndisplays.eu\/wall-led-y-cable\" target=\"_blank\" rel=\"noreferrer noopener\">Y-Cable<\/a>. Chaque c\u00e2ble contr\u00f4le un groupe de LEDs.<br><\/li>\n\n\n\n<li><strong>Puis-je fixer d\u2019autres accessoires comme un \u00e9cran ou un porte-brochures sur le cadre ?<\/strong><br>Non, seuls les \u00e9l\u00e9ments FlexFrame peuvent \u00eatre mont\u00e9s. D\u2019autres accessoires pourraient compromettre la stabilit\u00e9 du syst\u00e8me ou endommager le visuel.<br><\/li>\n\n\n\n<li><strong>Le FlexFrame est-il facile \u00e0 transporter ?<\/strong><br>Oui. Une housse souple de transport est incluse, id\u00e9ale pour tout transporter facilement avec les cadres et connecteurs. Les pieds, s\u2019ils sont command\u00e9s s\u00e9par\u00e9ment, sont livr\u00e9s dans une petite bo\u00eete en carton.<br><\/li>\n\n\n\n<li><strong>Comment le FlexFrame est-il emball\u00e9 pour la livraison ?<\/strong><br>Le FlexFrame est livr\u00e9 de mani\u00e8re compacte et efficace : tous les \u00e9l\u00e9ments sont dans la housse souple, prot\u00e9g\u00e9e par une bo\u00eete carton. Les visuels sont pli\u00e9s et prot\u00e9g\u00e9s dans un sac plastique, puis plac\u00e9s dans une bo\u00eete.<\/li>\n<\/ul>\n<\/details>\n<\/div><\/div>\n\n\n\n<div style=\"height:21px\" aria-hidden=\"true\" class=\"wp-block-spacer\"><\/div>\n\n\n\n<div class=\"wp-block-group block-white-background\"><div class=\"wp-block-group__inner-container is-layout-constrained wp-block-group-is-layout-constrained\">\n<details class=\"wp-block-details is-layout-flow wp-block-details-is-layout-flow\"><summary>\u2bc8 <strong>Impressions &amp; commandes en ligne<\/strong><\/summary>\n<ul class=\"wp-block-list\">\n<li><strong>Quel est le mat\u00e9riau des visuels ?<\/strong><br>Le visuel textile est en Soft Knit, un tricot 100 % PES. C\u2019est un tissu sans pli de 230 g\/m\u00b2. L\u2019impression est r\u00e9alis\u00e9e par sublimation (transfert), garantissant un rendu vif et de haute qualit\u00e9 pour votre communication visuelle. Le mat\u00e9riau est certifi\u00e9 B1.<br><\/li>\n\n\n\n<li><strong>Je n\u2019ai besoin que d\u2019un nouveau visuel. Puis-je le commander s\u00e9par\u00e9ment ?<\/strong><br>Oui. Retrouvez tous les visuels disponibles sur notre boutique en ligne. Vous ne trouvez pas le format souhait\u00e9 ? Contactez votre interlocuteur commercial \u2013 nous sommes l\u00e0 pour vous aider !<br><\/li>\n\n\n\n<li><strong>Les visuels sont-ils r\u00e9utilisables ou interchangeables ?<\/strong><br>Oui, vous pouvez r\u00e9utiliser et changer les visuels \u00e0 tout moment. Il suffit de v\u00e9rifier que la taille du visuel correspond bien \u00e0 celle du cadre pour garantir un bon ajustement.<br><\/li>\n\n\n\n<li><strong>Dois-je utiliser un visuel \u00e0 l\u2019avant et \u00e0 l\u2019arri\u00e8re si j\u2019utilise le syst\u00e8me en simple face ?<\/strong><br>Nous vous recommandons d\u2019utiliser un visuel \u00e9galement \u00e0 l\u2019arri\u00e8re. Cela renforce la stabilit\u00e9 et \u00e9vite la transparence, surtout si votre design est clair ou expos\u00e9 \u00e0 une source lumineuse \u00e0 l\u2019arri\u00e8re. Le visuel arri\u00e8re fait office de couche de blocage.<br><\/li>\n\n\n\n<li><strong>Je souhaite couvrir plusieurs cadres avec un seul grand visuel. Est-ce possible ?<\/strong><br>Oui. Nous avons pr\u00e9vu plusieurs formats d\u2019impression, ainsi que des gabarits pr\u00eats \u00e0 l\u2019emploi. Des tailles de 100 x 200 cm jusqu\u2019\u00e0 500 x 250 cm sont disponibles. Pour voir toutes les tailles disponibles, <a href=\"https:\/\/shop.showdowndisplays.eu\/flexframe-wall-print\" data-type=\"link\" data-id=\"https:\/\/shop.showdowndisplays.eu\/flexframe-wall-print\" target=\"_blank\" rel=\"noreferrer noopener\">cliquez ici<\/a>.<br><\/li>\n\n\n\n<li><strong>J\u2019ai besoin d\u2019un nouveau visuel pour le toit. Puis-je utiliser le m\u00eame que pour les murs ?<\/strong><br>Oui, tant que les dimensions du cadre et du toit sont identiques, les visuels et les gabarits sont les m\u00eames.<br><\/li>\n\n\n\n<li><strong>Puis-je utiliser le m\u00eame visuel pour l\u2019espace de rangement que pour les murs ?<\/strong><br>Non. Le visuel du module de rangement est l\u00e9g\u00e8rement plus \u00e9troit (98 cm) que celui des murs et du toit (100 cm). Il ne conviendra donc pas aux autres cadres. Le rangement n\u00e9cessite un visuel sp\u00e9cifique. Vous pouvez commander le visuel adapt\u00e9 <a href=\"https:\/\/shop.showdowndisplays.eu\/flexframe-storage-print\" data-type=\"link\" data-id=\"https:\/\/shop.showdowndisplays.eu\/flexframe-storage-print\" target=\"_blank\" rel=\"noreferrer noopener\">ici<\/a>.<br><\/li>\n\n\n\n<li><strong>Quelle est la largeur maximale recommand\u00e9e pour un visuel ?<\/strong><br>La largeur maximale recommand\u00e9e pour un visuel sans raccord est de 5 m\u00e8tres. Veillez \u00e0 ce que la hauteur corresponde aux panneaux adjacents pour \u00e9viter tout d\u00e9calage.<br><\/li>\n\n\n\n<li><strong>Comment le visuel est-il maintenu sur le cadre ?<\/strong><br>Le visuel est dot\u00e9 d\u2019un bord SEG (Silicone Edge Graphic) qui s\u2019ins\u00e8re parfaitement dans la rainure du cadre. Ce syst\u00e8me garantit un maintien optimal et un rendu \u00e9pur\u00e9.<br><\/li>\n\n\n\n<li><strong>Comment ins\u00e9rer le visuel dans le cadre ?<\/strong><br>Commencez par ins\u00e9rer les coins, puis glissez doucement le bord en silicone dans la rainure, en longeant les bords jusqu\u2019au c\u00f4t\u00e9 oppos\u00e9. Cela assure un rendu lisse, tendu et sans pli. Il est essentiel de commencer par les coins, puis d\u2019avancer vers le centre de chaque profil\u00e9 pour une tension homog\u00e8ne. Ne tirez pas le visuel d\u2019un seul c\u00f4t\u00e9, car il risquerait de ne pas s\u2019ajuster correctement.<br><\/li>\n\n\n\n<li><strong>Les visuels sont-ils certifi\u00e9s B1 ?<\/strong><br>Oui, le mat\u00e9riau Soft Knit est certifi\u00e9 B1 contre le feu, ce qui en fait un support id\u00e9al et s\u00fbr pour les pr\u00e9sentations murales lors de salons ou d\u2019\u00e9v\u00e9nements en int\u00e9rieur.<br><\/li>\n\n\n\n<li><strong>Je ne trouve pas la taille de mon visuel en ligne. Que dois-je faire ?<\/strong><br>Pas de souci. Si votre format n\u2019appara\u00eet pas dans la liste, contactez votre interlocuteur commercial. Nous serons ravis de vous accompagner !<\/li>\n<\/ul>\n<\/details>\n<\/div><\/div>\n\n\n\n<div style=\"height:21px\" aria-hidden=\"true\" class=\"wp-block-spacer\"><\/div>\n\n\n\n<div class=\"wp-block-group block-white-background\"><div class=\"wp-block-group__inner-container is-layout-constrained wp-block-group-is-layout-constrained\">\n<details class=\"wp-block-details is-layout-flow wp-block-details-is-layout-flow\"><summary>\u2bc8 <strong>Autres questions<\/strong><\/summary>\n<ul class=\"wp-block-list\">\n<li><strong>Et si j\u2019ai besoin d\u2019aide pour concevoir ma configuration FlexFrame ?<\/strong><br>Votre interlocuteur commercial est l\u00e0 pour r\u00e9fl\u00e9chir avec vous ! N\u2019h\u00e9sitez pas \u00e0 partager vos id\u00e9es \u2013 nous vous aiderons \u00e0 concevoir la configuration id\u00e9ale et \u00e0 vous assurer que tous les \u00e9l\u00e9ments n\u00e9cessaires sont bien dans votre panier.<br><\/li>\n\n\n\n<li><strong>Proposez-vous un service d\u2019installation ?<\/strong><br>Non, nous ne proposons pas de service d\u2019installation. Cependant, le syst\u00e8me est con\u00e7u pour \u00eatre extr\u00eamement facile \u00e0 monter soi-m\u00eame.<br><\/li>\n\n\n\n<li><strong>Qui puis-je contacter si j\u2019ai d\u2019autres questions ?<\/strong><br>Pas d\u2019inqui\u00e9tude ! Votre contact commercial est \u00e0 votre disposition pour vous accompagner. Vous pouvez nous \u00e9crire \u00e0 l\u2019adresse quotation@showdowndisplays.eu ou nous appeler au +31 (0)85 06 60 310.<\/li>\n<\/ul>\n<\/details>\n<\/div><\/div>\n\n\n\n\n\n\n\n\n\n\n\n<p class=\"has-text-align-center\"><\/p>\n","protected":false},"excerpt":{"rendered":"","protected":false},"author":6,"featured_media":0,"parent":0,"menu_order":0,"comment_status":"closed","ping_status":"closed","template":"","meta":{"_acf_changed":false,"footnotes":""},"class_list":["post-43819","page","type-page","status-publish","hentry"],"acf":[],"_links":{"self":[{"href":"https:\/\/www.showdowndisplays.eu\/fr\/wp-json\/wp\/v2\/pages\/43819","targetHints":{"allow":["GET"]}}],"collection":[{"href":"https:\/\/www.showdowndisplays.eu\/fr\/wp-json\/wp\/v2\/pages"}],"about":[{"href":"https:\/\/www.showdowndisplays.eu\/fr\/wp-json\/wp\/v2\/types\/page"}],"author":[{"embeddable":true,"href":"https:\/\/www.showdowndisplays.eu\/fr\/wp-json\/wp\/v2\/users\/6"}],"replies":[{"embeddable":true,"href":"https:\/\/www.showdowndisplays.eu\/fr\/wp-json\/wp\/v2\/comments?post=43819"}],"version-history":[{"count":17,"href":"https:\/\/www.showdowndisplays.eu\/fr\/wp-json\/wp\/v2\/pages\/43819\/revisions"}],"predecessor-version":[{"id":51627,"href":"https:\/\/www.showdowndisplays.eu\/fr\/wp-json\/wp\/v2\/pages\/43819\/revisions\/51627"}],"wp:attachment":[{"href":"https:\/\/www.showdowndisplays.eu\/fr\/wp-json\/wp\/v2\/media?parent=43819"}],"curies":[{"name":"wp","href":"https:\/\/api.w.org\/{rel}","templated":true}]}}